{"id":3156,"date":"2025-09-22T13:50:50","date_gmt":"2025-09-22T13:50:50","guid":{"rendered":"https:\/\/lambdastaging.es\/?page_id=3156"},"modified":"2025-09-22T14:05:25","modified_gmt":"2025-09-22T14:05:25","slug":"politica-de-privacidad","status":"publish","type":"page","link":"https:\/\/thinkcareurope.com\/pt\/politica-de-privacidad\/","title":{"rendered":"Pol\u00edtica de privacidade"},"content":{"rendered":"<div data-elementor-type=\"wp-page\" data-elementor-id=\"3156\" class=\"elementor elementor-3156\" data-elementor-post-type=\"page\">\n\t\t\t\t\t\t<section class=\"elementor-section elementor-top-section elementor-element elementor-element-95e7760 elementor-section-boxed elementor-section-height-default elementor-section-height-default\" data-id=\"95e7760\" data-element_type=\"section\" data-e-type=\"section\" data-settings=\"{&quot;background_background&quot;:&quot;classic&quot;}\">\n\t\t\t\t\t\t<div class=\"elementor-container elementor-column-gap-default\">\n\t\t\t\t\t<div class=\"elementor-column elementor-col-100 elementor-top-column elementor-element elementor-element-459aef6\" data-id=\"459aef6\" data-element_type=\"column\" data-e-type=\"column\" data-settings=\"{&quot;background_background&quot;:&quot;classic&quot;}\">\n\t\t\t<div class=\"elementor-widget-wrap elementor-element-populated\">\n\t\t\t\t\t\t<div class=\"elementor-element elementor-element-2245dbd elementor-widget elementor-widget-heading\" data-id=\"2245dbd\" data-element_type=\"widget\" data-e-type=\"widget\" data-widget_type=\"heading.default\">\n\t\t\t\t<div class=\"elementor-widget-container\">\n\t\t\t\t\t<h2 class=\"elementor-heading-title elementor-size-default\">Pol\u00edtica de privacidade<\/h2>\t\t\t\t<\/div>\n\t\t\t\t<\/div>\n\t\t\t\t\t<\/div>\n\t\t<\/div>\n\t\t\t\t\t<\/div>\n\t\t<\/section>\n\t\t\t\t<section class=\"elementor-section elementor-top-section elementor-element elementor-element-a416e23 elementor-section-boxed elementor-section-height-default elementor-section-height-default\" data-id=\"a416e23\" data-element_type=\"section\" data-e-type=\"section\">\n\t\t\t\t\t\t<div class=\"elementor-container elementor-column-gap-default\">\n\t\t\t\t\t<div class=\"elementor-column elementor-col-100 elementor-top-column elementor-element elementor-element-606599b\" data-id=\"606599b\" data-element_type=\"column\" data-e-type=\"column\">\n\t\t\t<div class=\"elementor-widget-wrap\">\n\t\t\t\t\t\t\t<\/div>\n\t\t<\/div>\n\t\t\t\t\t<\/div>\n\t\t<\/section>\n\t\t\t\t<section class=\"elementor-section elementor-top-section elementor-element elementor-element-977133b elementor-section-boxed elementor-section-height-default elementor-section-height-default\" data-id=\"977133b\" data-element_type=\"section\" data-e-type=\"section\">\n\t\t\t\t\t\t<div class=\"elementor-container elementor-column-gap-default\">\n\t\t\t\t\t<div class=\"elementor-column elementor-col-100 elementor-top-column elementor-element elementor-element-825b984\" data-id=\"825b984\" data-element_type=\"column\" data-e-type=\"column\">\n\t\t\t<div class=\"elementor-widget-wrap elementor-element-populated\">\n\t\t\t\t\t\t<div class=\"elementor-element elementor-element-ded1acd elementor-widget elementor-widget-text-editor\" data-id=\"ded1acd\" data-element_type=\"widget\" data-e-type=\"widget\" data-widget_type=\"text-editor.default\">\n\t\t\t\t<div class=\"elementor-widget-container\">\n\t\t\t\t\t\t\t\t\t<p>Esta pol\u00edtica habla sobre c\u00f3mo tratamos y trataremos tu informaci\u00f3n de car\u00e1cter personal, concretamente con la aplicaci\u00f3n del Reglamento (UE) 2016\/679 del Parlamento Europeo y del Consejo, de 27 de abril de 2016, relativo a la protecci\u00f3n de las personas f\u00edsicas en lo que respecta a la protecci\u00f3n de datos personales y su libre circulaci\u00f3n (RPGD) y la Ley Org\u00e1nica 3\/2018, de 5 de diciembre, de protecci\u00f3n de datos personales y garant\u00eda de los derechos digitales (LOPDGD).<\/p><h3>Identificaci\u00f3n del Responsable del Tratamiento<\/h3><p>En cumplimiento de lo establecido en la Ley Org\u00e1nica 3\/2018, de 5 de diciembre, de Protecci\u00f3n de Datos Personales y garant\u00eda de los derechos digitales y en el art. 13 del Reglamento (UE) 2016\/679 del Parlamento Europeo y del Consejo de 27 de abril de 2016, relativo al derecho a la informaci\u00f3n que le asiste, le informamos que, mediante la aceptaci\u00f3n de la presente Pol\u00edtica de Privacidad, el usuario (en adelante el \u201cUsuario\u201d) queda informado y presta su consentimiento libre, informado, espec\u00edfico e inequ\u00edvoco para que los datos personales que facilite a trav\u00e9s de la p\u00e1gina Web ubicada en la URL <a href=\"https:\/\/thinkcareurope.com\/pt\/\">https:\/\/thinkcareurope.com<\/a>, (en adelante, el \u201cSitio Web\u201d) sean tratados por:<\/p><ul><li>Identificaci\u00f3n: <b>EFITALLER AUTOMOCI\u00d3N SL<\/b>\u00a0<\/li><li>CIF: <strong>B75882316<\/strong><\/li><li>Direcci\u00f3n: <strong>Avenida Do\u00f1a Ana, Nave 6 29130 Alhaur\u00edn de la Torre (M\u00e1laga)<\/strong>\u00a0<\/li><li>Tel\u00e9fono: <b>+34 952 41 29 53<\/b>\u00a0<\/li><li>Email: <a href=\"mailto:info@efitaller.com\"><b>info@efitaller.com<\/b><\/a><\/li><li>Identificador Registral \u00danico de la Sociedad (IRUS):\u00a0<strong>1000444589481, inscripcion 1\u00ba con hoja MA-188215<\/strong>.\u00a0<\/li><\/ul><h3>Procedencia y categor\u00edas de datos tratados<\/h3><p>Los datos personales que trata <b>EFITALLER AUTOMOCI\u00d3N<\/b>, proceden directamente de sus clientes y usuarios. Las categor\u00edas de datos que se tratan son:<\/p><ul><li>Datos de identificaci\u00f3n: nombre, apellidos, DNI\/NIF\/CIF, direcci\u00f3n postal, direcci\u00f3n de correo electr\u00f3nico, c\u00f3digo postal, tel\u00e9fono.<\/li><li>C\u00f3digos o claves de identificaci\u00f3n de usuario.<\/li><li>Direcciones postales o electr\u00f3nicas.<\/li><li>Informaci\u00f3n comercial.<\/li><li>Datos econ\u00f3micos y bancarios.<\/li><\/ul><p>No se tratan datos especialmente protegidos. Los datos personales solicitados son obligatorios, de tal forma que la negativa a suministrarlos puede suponer la imposibilidad de llevar a cabo la prestaci\u00f3n de los servicios o la adquisici\u00f3n de los bienes contratados. En caso de que el usuario facilite datos de terceros, manifiesta contar con el consentimiento de los mismos y se compromete a trasladarle la informaci\u00f3n contenida en esta cl\u00e1usula, eximiendo a <b>EFITALLER AUTOMOCI\u00d3N<\/b> de cualquier responsabilidad en este sentido. No obstante, <b>EFITALLER AUTOMOCI\u00d3N<\/b> podr\u00e1 llevar a cabo las verificaciones para constatar este hecho, adoptando las medidas de diligencia debida que correspondan, conforme a la normativa de protecci\u00f3n de datos.<\/p><h3>Finalidad del Tratamiento y naturaleza de los datos recabados<\/h3><h4>Clientes Web<\/h4><p>Cuando adquieres un producto en nuestra tienda online, los datos que nos facilites ser\u00e1n utilizados para tramitar, enviar y facturar los productos adquiridos. Para poder realizar pedidos en la tienda online, cada cliente proporcionar\u00e1, de forma voluntaria y bajo su responsabilidad, sus datos de car\u00e1cter personal deber\u00e1n ser veraces y exactos. El Usuario que formaliza el proceso de compra online, declara ser el titular de la informaci\u00f3n facilitada, o en su defecto, contar con autorizaci\u00f3n de la persona en cuyo nombre realice la gesti\u00f3n.<\/p><h4>Usuarios Registrados<\/h4><p>La informaci\u00f3n que nos proporciones en el formulario de registro se utiliza para la gesti\u00f3n de Usuarios de la p\u00e1gina web, con el fin de que puedas acceder a tu perfil, a la plataforma online, consultar tus pedidos y realizar tus compras sin que tengas que introducir de nuevo tus datos identificativos. Antes de realizar un pedido los usuarios deben registrarse en el apartado \u201cMi cuenta\u201d para que podamos tramitar el pedido en base a los datos fiscales del cliente, como direcci\u00f3n, DNI o datos de contacto.<\/p><h4>Suscriptores a Newsletter<\/h4><p>En los casos en los que nos otorgues tu consentimiento seg\u00fan lo previsto en el art\u00edculo 21 de la Ley de Servicios de la Sociedad de la Informaci\u00f3n, utilizaremos tus datos identificativos y de contacto para enviarte informaci\u00f3n acerca de noticias de su inter\u00e9s y sobre nuestros productos y servicios.<\/p><h3>Duraci\u00f3n del tratamiento de los datos<\/h3><p><b>EFITALLER AUTOMOCI\u00d3N<\/b> conservar\u00e1 los datos personales de los usuarios \u00fanicamente durante el tiempo necesario para la realizaci\u00f3n de las finalidades para las que fueron recogidos, mientras no revoque los consentimientos otorgados. Posteriormente, en caso de ser necesario, mantendr\u00e1 la informaci\u00f3n bloqueada los plazos legalmente establecidos o el plazo establecido por ley para cualquier acci\u00f3n que pueda devenir del tratamiento.<\/p><h4>Clientes Web<\/h4><p>La informaci\u00f3n se conservar\u00e1 durante el plazo necesario para gestionar la entrega y facturaci\u00f3n de los productos adquiridos; posteriormente la informaci\u00f3n se conservar\u00e1 para el seguimiento de las acciones comerciales durante el plazo de prescripci\u00f3n de acciones legales y superado dicho periodo se suprimir\u00e1.<\/p><h4>Usuarios Registrados<\/h4><p>La informaci\u00f3n de los Usuarios registrados se conservar\u00e1 de manera indefinida a menos que el Usuario solicite la baja como Usuario registrado.<\/p><h4>Newsletter<\/h4><p>La informaci\u00f3n de destinatarios de comunicaciones comerciales se conservar\u00e1 de manera indefinida a menos que el Usuario solicite la baja en la recepci\u00f3n de nuevas comunicaciones.<\/p><h3>Legitimaci\u00f3n en el tratamiento de los datos<\/h3><p>La legitimaci\u00f3n para el tratamiento de los datos del usuario por parte de <b>EFITALLER AUTOMOCI\u00d3N<\/b> para llevar a cabo el alta y registro del usuario en la Plataforma se encuentra en el consentimiento del interesado, solicitado para el caso concreto.<\/p><p>Por su parte, la gesti\u00f3n de la contrataci\u00f3n de productos o servicios, pago, facturaci\u00f3n y env\u00edos correspondientes, est\u00e1 legitimada por la propia ejecuci\u00f3n del contrato.<\/p><p>Adem\u00e1s, el tratamiento de los datos con el fin de remitir boletines electr\u00f3nicos con ofertas, promociones y noticias relacionadas con nuestros servicios, informaci\u00f3n comercial y\/o promocional, tambi\u00e9n se basan en el inter\u00e9s leg\u00edtimo de <b>EFITALLER AUTOMOCI\u00d3N<\/b> para llevar a cabo dichos tratamientos de acuerdo con la normativa vigente.<\/p><p>Los consentimientos obtenidos para las finalidades mencionadas son independientes por lo que el usuario podr\u00e1 revocar uno o varios de ellos no afectando a los dem\u00e1s.<\/p><p>Igualmente se podr\u00e1 utilizar la informaci\u00f3n del usuario para el cumplimiento de las diferentes obligaciones legales de <b>EFITALLER AUTOMOCI\u00d3N<\/b>.<\/p><h3>Decisiones<\/h3><p>Decisiones automatizadas, perfiles y l\u00f3gica aplicada:<\/p><p>La empresa NO tomar\u00e1 decisiones automatizadas, perfiles o l\u00f3gica aplicada a sus datos.<\/p><h3>Destinatarios de los Datos y Transferencias Internacionales<\/h3><p>\u00bfA qu\u00e9 destinatarios se comunicar\u00e1n tus datos?<\/p><ul><li>A Bancos y entidades financieras para el cobro de los servicios ofrecidos.<\/li><li>A la Oficina de consumidores y usuarios en caso de existir alguna reclamaci\u00f3n.<\/li><li>A los fabricantes, Servicios t\u00e9cnicos y\/o mayoristas en el caso de garant\u00edas o reparaciones. A aquellas empresas transportistas que puedan tener encargado el env\u00edo a los clientes de los pedidos correspondientes.<\/li><li>En los supuestos legalmente establecidos, como es el caso de las Fuerzas y Cuerpos de Seguridad.<\/li><li>A las administraciones p\u00fablicas a las que <b>EFITALLER AUTOMOCI\u00d3N<\/b> tenga que facilitar informaci\u00f3n con motivo del cumplimiento de nuestras obligaciones legales.<\/li><\/ul><h3>Derechos de los usuarios<\/h3><p>El interesado puede ejercer los siguientes derechos:<\/p><ul><li>Derecho a solicitar el acceso a sus datos personales.<\/li><li>Derecho a solicitar su rectificaci\u00f3n o supresi\u00f3n.<\/li><li>Derecho a solicitar la limitaci\u00f3n de su tratamiento.<\/li><li>Derecho a oponerse al tratamiento.<\/li><li>Derecho a la portabilidad de los datos.<\/li><li>Derecho a retirar el consentimiento prestado.<\/li><\/ul><p>En determinadas circunstancias, los interesados podr\u00e1n solicitar la limitaci\u00f3n del tratamiento de sus datos, en cuyo caso \u00fanicamente se conservar\u00e1n para el ejercicio o la defensa de reclamaciones. En determinadas circunstancias y por motivos relacionados con su situaci\u00f3n particular, los interesados podr\u00e1n oponerse al tratamiento de sus datos. En este caso, la entidad dejar\u00e1 de tratar los datos, salvo por motivos leg\u00edtimos imperiosos, o el ejercicio o la defensa de posibles reclamaciones.<\/p><p>Si se otorga un consentimiento para alguna finalidad concreta, el usuario tiene derecho a retirar el consentimiento otorgado en cualquier momento, sin que ello afecte a la licitud del tratamiento basado en el consentimiento previo a su retirada.<\/p><p>El ejercicio de los derechos citados es personal\u00edsimo, por lo que ser\u00e1 necesario que el usuario acredite su identidad. Para ejercitar los citados derechos previstos en la legislaci\u00f3n, el usuario puede dirigirse a <b>EFITALLER AUTOMOCI\u00d3N<\/b>, S.L. a trav\u00e9s del correo electr\u00f3nico a: info@efitaller.com o mediante escrito dirigido a la direcci\u00f3n Avda. Do\u00f1a Ana, Nave 7 (T6 B178) P.I. IV Fase, 29130, Alhaur\u00edn de la Torre \u00b7 M\u00e1laga (Espa\u00f1a).<\/p><p>La comunicaci\u00f3n contendr\u00e1 los siguientes datos y documentos:<\/p><ul><li>Nombre y apellidos del interesado, adjuntando fotocopia del DNI u otro documento v\u00e1lido que lo identifique y, en su caso, de la persona que lo represente; la utilizaci\u00f3n de firma electr\u00f3nica eximir\u00e1 de la presentaci\u00f3n de estos documentos.<\/li><li>Indicaci\u00f3n del domicilio del interesado y petici\u00f3n en que se concreta la solicitud (el derecho que se pretende ejercitar). En caso de que sienta vulnerados sus derechos en lo concerniente a la protecci\u00f3n de sus datos personales, especialmente cuando no haya obtenido satisfacci\u00f3n en el ejercicio de sus derechos, puede presentar una reclamaci\u00f3n ante la Autoridad de Control en materia de Protecci\u00f3n de Datos competente a trav\u00e9s de su sitio web: <a href=\"https:\/\/www.agpd.es\">www.agpd.es<\/a><\/li><\/ul><h3>Seguridad<\/h3><p><b>EFITALLER AUTOMOCI\u00d3N<\/b> cumple con las directrices del Reglamento (UE) 2016\/679 del Parlamento Europeo y del Consejo, de 27 de abril de 2016 relativo a la protecci\u00f3n de las personas f\u00edsicas en lo que respecta al tratamiento de datos personales y a la libre circulaci\u00f3n de estos datos (RGPD), as\u00ed como la Ley Org\u00e1nica 3\/2018, de 5 de diciembre, de Protecci\u00f3n de Datos Personales y garant\u00eda de los derechos digitales (LOPDGD) y dem\u00e1s normativa vigente en cada momento, y vela por garantizar el correcto uso y tratamiento de los datos personales del usuario.<\/p><h3>Cookies<\/h3><p><b>EFITALLER AUTOMOCI\u00d3N<\/b>, S.L. le informa de que tiene instaladas cookies en sus sistemas. Las cookies son peque\u00f1os archivos de texto que el navegador almacena dentro del disco duro de su ordenador. Al acceder a la Web de <b>EFITALLER AUTOMOCI\u00d3N<\/b>, S.L. el servidor podr\u00e1 reconocer la cookie y proporcionar informaci\u00f3n sobre su \u00faltima visita, mejorando o facilitando la experiencia de navegaci\u00f3n. Puede encontrar m\u00e1s informaci\u00f3n al respecto en nuestra Pol\u00edtica de Cookies.<\/p><h3>Modificaciones<\/h3><p><b>EFITALLER AUTOMOCI\u00d3N<\/b> se reserva el derecho a modificar esta Pol\u00edtica de Privacidad de acuerdo con la legislaci\u00f3n aplicable en cada momento. Por ello, es recomendable que el usuario revise peri\u00f3dicamente esta Pol\u00edtica de Privacidad con la finalidad de estar informado del tratamiento y la protecci\u00f3n de los datos personales, as\u00ed como de los derechos que le asisten.<\/p><h3>Legislaci\u00f3n Aplicable<\/h3><p>La presente Pol\u00edtica se regir\u00e1 e interpretar\u00e1 conforme a la legislaci\u00f3n espa\u00f1ola, al igual que la resoluci\u00f3n de cualquier controversia o divergencia relacionada con el presente sitio Web. El uso de los servicios del presente sitio web supone la aceptaci\u00f3n expresa de la jurisdicci\u00f3n espa\u00f1ola.<\/p><p>\u00daltima actualizaci\u00f3n: 29\/07\/2021<\/p>\t\t\t\t\t\t\t\t<\/div>\n\t\t\t\t<\/div>\n\t\t\t\t\t<\/div>\n\t\t<\/div>\n\t\t\t\t\t<\/div>\n\t\t<\/section>\n\t\t\t\t<\/div>","protected":false},"excerpt":{"rendered":"<p>Pol\u00edtica de privacidad Esta pol\u00edtica habla sobre c\u00f3mo tratamos y trataremos tu informaci\u00f3n de car\u00e1cter personal, concretamente con la aplicaci\u00f3n del Reglamento (UE) 2016\/679 del Parlamento Europeo y del Consejo, de 27 de abril de 2016, relativo a la protecci\u00f3n de las personas f\u00edsicas en lo que respecta a la protecci\u00f3n de datos personales y [&hellip;]<\/p>\n","protected":false},"author":1,"featured_media":0,"parent":0,"menu_order":0,"comment_status":"closed","ping_status":"closed","template":"","meta":{"site-sidebar-layout":"no-sidebar","site-content-layout":"page-builder","ast-site-content-layout":"full-width-container","site-content-style":"unboxed","site-sidebar-style":"unboxed","ast-global-header-display":"","ast-banner-title-visibility":"","ast-main-header-display":"","ast-hfb-above-header-display":"","ast-hfb-below-header-display":"","ast-hfb-mobile-header-display":"","site-post-title":"disabled","ast-breadcrumbs-content":"","ast-featured-img":"disabled","footer-sml-layout":"","ast-disable-related-posts":"","theme-transparent-header-meta":"enabled","adv-header-id-meta":"","stick-header-meta":"default","header-above-stick-meta":"","header-main-stick-meta":"","header-below-stick-meta":"","astra-migrate-meta-layouts":"set","ast-page-background-enabled":"default","ast-page-background-meta":{"desktop":{"background-color":"var(--ast-global-color-4)","background-image":"","background-repeat":"repeat","background-position":"center center","background-size":"auto","background-attachment":"scroll","background-type":"","background-media":"","overlay-type":"","overlay-color":"","overlay-opacity":"","overlay-gradient":""},"tablet":{"background-color":"","background-image":"","background-repeat":"repeat","background-position":"center center","background-size":"auto","background-attachment":"scroll","background-type":"","background-media":"","overlay-type":"","overlay-color":"","overlay-opacity":"","overlay-gradient":""},"mobile":{"background-color":"","background-image":"","background-repeat":"repeat","background-position":"center center","background-size":"auto","background-attachment":"scroll","background-type":"","background-media":"","overlay-type":"","overlay-color":"","overlay-opacity":"","overlay-gradient":""}},"ast-content-background-meta":{"desktop":{"background-color":"var(--ast-global-color-5)","background-image":"","background-repeat":"repeat","background-position":"center center","background-size":"auto","background-attachment":"scroll","background-type":"","background-media":"","overlay-type":"","overlay-color":"","overlay-opacity":"","overlay-gradient":""},"tablet":{"background-color":"var(--ast-global-color-5)","background-image":"","background-repeat":"repeat","background-position":"center center","background-size":"auto","background-attachment":"scroll","background-type":"","background-media":"","overlay-type":"","overlay-color":"","overlay-opacity":"","overlay-gradient":""},"mobile":{"background-color":"var(--ast-global-color-5)","background-image":"","background-repeat":"repeat","background-position":"center center","background-size":"auto","background-attachment":"scroll","background-type":"","background-media":"","overlay-type":"","overlay-color":"","overlay-opacity":"","overlay-gradient":""}},"footnotes":""},"class_list":["post-3156","page","type-page","status-publish","hentry"],"yoast_head":"<!-- This site is optimized with the Yoast SEO plugin v27.4 - https:\/\/yoast.com\/product\/yoast-seo-wordpress\/ -->\n<title>Pol\u00edtica de privacidad - THINKCAR Europe<\/title>\n<meta name=\"robots\" content=\"index, follow, max-snippet:-1, max-image-preview:large, max-video-preview:-1\" \/>\n<link rel=\"canonical\" href=\"https:\/\/thinkcareurope.com\/pt\/politica-de-privacidad\/\" \/>\n<meta property=\"og:locale\" content=\"pt_PT\" \/>\n<meta property=\"og:type\" content=\"article\" \/>\n<meta property=\"og:title\" content=\"Pol\u00edtica de privacidad - THINKCAR Europe\" \/>\n<meta property=\"og:description\" content=\"Pol\u00edtica de privacidad Esta pol\u00edtica habla sobre c\u00f3mo tratamos y trataremos tu informaci\u00f3n de car\u00e1cter personal, concretamente con la aplicaci\u00f3n del Reglamento (UE) 2016\/679 del Parlamento Europeo y del Consejo, de 27 de abril de 2016, relativo a la protecci\u00f3n de las personas f\u00edsicas en lo que respecta a la protecci\u00f3n de datos personales y [&hellip;]\" \/>\n<meta property=\"og:url\" content=\"https:\/\/thinkcareurope.com\/pt\/politica-de-privacidad\/\" \/>\n<meta property=\"og:site_name\" content=\"THINKCAR Europe\" \/>\n<meta property=\"article:publisher\" content=\"https:\/\/www.facebook.com\/EfiTaller\/\" \/>\n<meta property=\"article:modified_time\" content=\"2025-09-22T14:05:25+00:00\" \/>\n<meta name=\"twitter:card\" content=\"summary_large_image\" \/>\n<meta name=\"twitter:label1\" content=\"Tempo estimado de leitura\" \/>\n\t<meta name=\"twitter:data1\" content=\"9 minutos\" \/>\n<script type=\"application\/ld+json\" class=\"yoast-schema-graph\">{\"@context\":\"https:\\\/\\\/schema.org\",\"@graph\":[{\"@type\":\"WebPage\",\"@id\":\"https:\\\/\\\/thinkcareurope.com\\\/politica-de-privacidad\\\/\",\"url\":\"https:\\\/\\\/thinkcareurope.com\\\/politica-de-privacidad\\\/\",\"name\":\"Pol\u00edtica de privacidad - THINKCAR Europe\",\"isPartOf\":{\"@id\":\"https:\\\/\\\/thinkcareurope.com\\\/#website\"},\"datePublished\":\"2025-09-22T13:50:50+00:00\",\"dateModified\":\"2025-09-22T14:05:25+00:00\",\"breadcrumb\":{\"@id\":\"https:\\\/\\\/thinkcareurope.com\\\/politica-de-privacidad\\\/#breadcrumb\"},\"inLanguage\":\"pt-PT\",\"potentialAction\":[{\"@type\":\"ReadAction\",\"target\":[\"https:\\\/\\\/thinkcareurope.com\\\/politica-de-privacidad\\\/\"]}]},{\"@type\":\"BreadcrumbList\",\"@id\":\"https:\\\/\\\/thinkcareurope.com\\\/politica-de-privacidad\\\/#breadcrumb\",\"itemListElement\":[{\"@type\":\"ListItem\",\"position\":1,\"name\":\"Portada\",\"item\":\"https:\\\/\\\/thinkcareurope.com\\\/\"},{\"@type\":\"ListItem\",\"position\":2,\"name\":\"Pol\u00edtica de privacidad\"}]},{\"@type\":\"WebSite\",\"@id\":\"https:\\\/\\\/thinkcareurope.com\\\/#website\",\"url\":\"https:\\\/\\\/thinkcareurope.com\\\/\",\"name\":\"THINKCAR Europe\",\"description\":\"Equipos de diagn\u00f3stico profesional ThinkCar, ideales para talleres que buscan rapidez, precisi\u00f3n y cobertura total en veh\u00edculos t\u00e9rmicos, h\u00edbridos y el\u00e9ctricos.\",\"publisher\":{\"@id\":\"https:\\\/\\\/thinkcareurope.com\\\/#organization\"},\"potentialAction\":[{\"@type\":\"SearchAction\",\"target\":{\"@type\":\"EntryPoint\",\"urlTemplate\":\"https:\\\/\\\/thinkcareurope.com\\\/?s={search_term_string}\"},\"query-input\":{\"@type\":\"PropertyValueSpecification\",\"valueRequired\":true,\"valueName\":\"search_term_string\"}}],\"inLanguage\":\"pt-PT\"},{\"@type\":\"Organization\",\"@id\":\"https:\\\/\\\/thinkcareurope.com\\\/#organization\",\"name\":\"THINKCAR Europe\",\"url\":\"https:\\\/\\\/thinkcareurope.com\\\/\",\"logo\":{\"@type\":\"ImageObject\",\"inLanguage\":\"pt-PT\",\"@id\":\"https:\\\/\\\/thinkcareurope.com\\\/#\\\/schema\\\/logo\\\/image\\\/\",\"url\":\"https:\\\/\\\/thinkcareurope.com\\\/wp-content\\\/uploads\\\/2025\\\/10\\\/Logo-THINKCAR-EUROPE.svg\",\"contentUrl\":\"https:\\\/\\\/thinkcareurope.com\\\/wp-content\\\/uploads\\\/2025\\\/10\\\/Logo-THINKCAR-EUROPE.svg\",\"width\":77,\"height\":32,\"caption\":\"THINKCAR Europe\"},\"image\":{\"@id\":\"https:\\\/\\\/thinkcareurope.com\\\/#\\\/schema\\\/logo\\\/image\\\/\"},\"sameAs\":[\"https:\\\/\\\/www.facebook.com\\\/EfiTaller\\\/\",\"https:\\\/\\\/www.linkedin.com\\\/company\\\/108947980\\\/\"]}]}<\/script>\n<!-- \/ Yoast SEO plugin. -->","yoast_head_json":{"title":"Pol\u00edtica de privacidad - THINKCAR Europe","robots":{"index":"index","follow":"follow","max-snippet":"max-snippet:-1","max-image-preview":"max-image-preview:large","max-video-preview":"max-video-preview:-1"},"canonical":"https:\/\/thinkcareurope.com\/pt\/politica-de-privacidad\/","og_locale":"pt_PT","og_type":"article","og_title":"Pol\u00edtica de privacidad - THINKCAR Europe","og_description":"Pol\u00edtica de privacidad Esta pol\u00edtica habla sobre c\u00f3mo tratamos y trataremos tu informaci\u00f3n de car\u00e1cter personal, concretamente con la aplicaci\u00f3n del Reglamento (UE) 2016\/679 del Parlamento Europeo y del Consejo, de 27 de abril de 2016, relativo a la protecci\u00f3n de las personas f\u00edsicas en lo que respecta a la protecci\u00f3n de datos personales y [&hellip;]","og_url":"https:\/\/thinkcareurope.com\/pt\/politica-de-privacidad\/","og_site_name":"THINKCAR Europe","article_publisher":"https:\/\/www.facebook.com\/EfiTaller\/","article_modified_time":"2025-09-22T14:05:25+00:00","twitter_card":"summary_large_image","twitter_misc":{"Tempo estimado de leitura":"9 minutos"},"schema":{"@context":"https:\/\/schema.org","@graph":[{"@type":"WebPage","@id":"https:\/\/thinkcareurope.com\/politica-de-privacidad\/","url":"https:\/\/thinkcareurope.com\/politica-de-privacidad\/","name":"Pol\u00edtica de privacidad - THINKCAR Europe","isPartOf":{"@id":"https:\/\/thinkcareurope.com\/#website"},"datePublished":"2025-09-22T13:50:50+00:00","dateModified":"2025-09-22T14:05:25+00:00","breadcrumb":{"@id":"https:\/\/thinkcareurope.com\/politica-de-privacidad\/#breadcrumb"},"inLanguage":"pt-PT","potentialAction":[{"@type":"ReadAction","target":["https:\/\/thinkcareurope.com\/politica-de-privacidad\/"]}]},{"@type":"BreadcrumbList","@id":"https:\/\/thinkcareurope.com\/politica-de-privacidad\/#breadcrumb","itemListElement":[{"@type":"ListItem","position":1,"name":"Portada","item":"https:\/\/thinkcareurope.com\/"},{"@type":"ListItem","position":2,"name":"Pol\u00edtica de privacidad"}]},{"@type":"WebSite","@id":"https:\/\/thinkcareurope.com\/#website","url":"https:\/\/thinkcareurope.com\/","name":"THINKCAR Europe","description":"Equipos de diagn\u00f3stico profesional ThinkCar, ideales para talleres que buscan rapidez, precisi\u00f3n y cobertura total en veh\u00edculos t\u00e9rmicos, h\u00edbridos y el\u00e9ctricos.","publisher":{"@id":"https:\/\/thinkcareurope.com\/#organization"},"potentialAction":[{"@type":"SearchAction","target":{"@type":"EntryPoint","urlTemplate":"https:\/\/thinkcareurope.com\/?s={search_term_string}"},"query-input":{"@type":"PropertyValueSpecification","valueRequired":true,"valueName":"search_term_string"}}],"inLanguage":"pt-PT"},{"@type":"Organization","@id":"https:\/\/thinkcareurope.com\/#organization","name":"THINKCAR Europe","url":"https:\/\/thinkcareurope.com\/","logo":{"@type":"ImageObject","inLanguage":"pt-PT","@id":"https:\/\/thinkcareurope.com\/#\/schema\/logo\/image\/","url":"https:\/\/thinkcareurope.com\/wp-content\/uploads\/2025\/10\/Logo-THINKCAR-EUROPE.svg","contentUrl":"https:\/\/thinkcareurope.com\/wp-content\/uploads\/2025\/10\/Logo-THINKCAR-EUROPE.svg","width":77,"height":32,"caption":"THINKCAR Europe"},"image":{"@id":"https:\/\/thinkcareurope.com\/#\/schema\/logo\/image\/"},"sameAs":["https:\/\/www.facebook.com\/EfiTaller\/","https:\/\/www.linkedin.com\/company\/108947980\/"]}]}},"_links":{"self":[{"href":"https:\/\/thinkcareurope.com\/pt\/wp-json\/wp\/v2\/pages\/3156","targetHints":{"allow":["GET"]}}],"collection":[{"href":"https:\/\/thinkcareurope.com\/pt\/wp-json\/wp\/v2\/pages"}],"about":[{"href":"https:\/\/thinkcareurope.com\/pt\/wp-json\/wp\/v2\/types\/page"}],"author":[{"embeddable":true,"href":"https:\/\/thinkcareurope.com\/pt\/wp-json\/wp\/v2\/users\/1"}],"replies":[{"embeddable":true,"href":"https:\/\/thinkcareurope.com\/pt\/wp-json\/wp\/v2\/comments?post=3156"}],"version-history":[{"count":0,"href":"https:\/\/thinkcareurope.com\/pt\/wp-json\/wp\/v2\/pages\/3156\/revisions"}],"wp:attachment":[{"href":"https:\/\/thinkcareurope.com\/pt\/wp-json\/wp\/v2\/media?parent=3156"}],"curies":[{"name":"wp","href":"https:\/\/api.w.org\/{rel}","templated":true}]}}